{"id":1516,"date":"2011-05-20T10:43:57","date_gmt":"2011-05-20T09:43:57","guid":{"rendered":"http:\/\/esjoseafonso.com\/wp\/?page_id=1516"},"modified":"2023-04-18T23:15:42","modified_gmt":"2023-04-18T22:15:42","slug":"curso-profissional-de-informatica","status":"publish","type":"page","link":"https:\/\/www.esjoseafonso.com\/wp\/?page_id=1516","title":{"rendered":"Cursos na \u00e1rea de Inform\u00e1tica"},"content":{"rendered":"<h4 align=\"center\"><b>Pr\u00e9-Inscri\u00e7\u00e3o<\/b><\/h4>\n<p style=\"text-align: center;\">&#8211; <a href=\"https:\/\/forms.office.com\/e\/UiCQvVn08k\" target=\"_blank\" rel=\"noopener\"><strong>P\u00e1gina Web da escola<\/strong><\/a>&nbsp;&nbsp;&nbsp;&nbsp;&nbsp;&nbsp;&nbsp;&nbsp;&nbsp;&nbsp; &#8211; Servi\u00e7os Administrativos<\/p>\n<p>&nbsp;<\/p>\n<h3 style=\"text-align: center;\"><a href=\"http:\/\/esjoseafonso.com\/wp\/wp-content\/uploads\/2012\/05\/Folheto_-do_curso_TGPSI.pdf\"><strong>T\u00e9cnico de Gest\u00e3o e Programa\u00e7\u00e3o de Sistemas Inform\u00e1ticos <\/strong><\/a><\/h3>\n<p>Realizar atividades de conce\u00e7\u00e3o, especifica\u00e7\u00e3o, projeto, implementa\u00e7\u00e3o, avalia\u00e7\u00e3o, suporte e manuten\u00e7\u00e3o de sistemas inform\u00e1ticos e de tecnologias de processamento e transmiss\u00e3o de dados e informa\u00e7\u00f5es.<\/p>\n<p>Efetuar a instala\u00e7\u00e3o, configura\u00e7\u00e3o e manuten\u00e7\u00e3o de computadores, perif\u00e9ricos, redes locais e sistemas operativos e utilit\u00e1rios, de acordo com as necessidades dos utilizadores e a fim de otimizar o funcionamento dos mesmos.<\/p>\n<p>Utilizar&nbsp; diferentes linguagens de programa\u00e7\u00e3o inform\u00e1tica.<\/p>\n<p>Faculta compet\u00eancias t\u00e9cnicas nas \u00e1reas de:<\/p>\n<p>&#8211; An\u00e1lise e Programa\u00e7\u00e3o de Sistemas de Informa\u00e7\u00e3o,<br \/>\n&#8211; Bases de Dados,<br \/>\n&#8211; Sistemas Operativos,<br \/>\n&#8211; Redes de Comunica\u00e7\u00e3o de Informa\u00e7\u00e3o,<br \/>\n&#8211; Tecnologias Web,<br \/>\n&#8211; Seguran\u00e7a de Dados.<\/p>\n<p style=\"text-align: right;\"><a href=\"http:\/\/esjoseafonso.com\/wp\/wp-content\/uploads\/2012\/05\/Folheto_-do_curso_TGPSI.pdf\"><em>Folheto<\/em><\/a><\/p>\n<hr>\n<h3 style=\"text-align: center;\"><strong>Caracter\u00edsticas do curso<\/strong><\/h3>\n<p>&#8211; &nbsp;Dura\u00e7\u00e3o tr\u00eas anos<\/p>\n<p>&#8211; Os conte\u00fados de forma\u00e7\u00e3o das diferentes disciplinas assentam numa estrutura modular<\/p>\n<p>&#8211; Aulas com aplica\u00e7\u00e3o pr\u00e1tica dos conte\u00fados lecionados (Trabalho realizado na oficina de inform\u00e1tica ou espa\u00e7os da escola com necessidade de interven\u00e7\u00e3o)<\/p>\n<p>&#8211; A Forma\u00e7\u00e3o em Contexto de Trabalho (est\u00e1gio) decorre ao longo do segundo e terceiro ano de curso<\/p>\n<p>&#8211; Sem exames para conclus\u00e3o do 12\u00ba ano<\/p>\n<p>&#8211; Forte liga\u00e7\u00e3o ao Mundo Profissional<\/p>\n<p>&#8211; Permite o prosseguimento de estudos no ensino superior, com a realiza\u00e7\u00e3o do exame necess\u00e1rio ao ingresso.<\/p>\n<hr>\n<h4 style=\"text-align: center;\"><strong>Sites realizados pelos alunos do 1\u00ba ano do <\/strong><strong>curso de TGPSI,<\/strong><strong> ano letivo 2010\/2011, na disciplina de Tecnologias de Informa\u00e7\u00e3o e Comunica\u00e7\u00e3o:<\/strong><\/h4>\n<p style=\"text-align: left;\"><strong><a href=\"http:\/\/esjacursoinformatica.ueuo.com\" target=\"_blank\" rel=\"noopener noreferrer\">Site 2 &#8211; Jo\u00e3o Machado, Jo\u00e3o Lopes e Ruben In\u00e1cio<\/a><\/strong><\/p>\n<p style=\"text-align: left;\"><strong><a href=\"http:\/\/ctgpsi.orgfree.com\/\" target=\"_blank\" rel=\"noopener noreferrer\">Site 4 &#8211; F\u00e1bio Ribeiro e Daniel Barreto<\/a><\/strong><\/p>\n<div id=\"id_5930358fcddcf2327472550\" class=\"text_exposed_root\">\n<hr>\n<h4 style=\"text-align: center;\">Primeiro lugar no Torneio de programa\u00e7\u00e3o<\/h4>\n<h4 style=\"text-align: center;\">ToPas Lx 2017<\/h4>\n<p>No dia 12 de Maio decorreu o \u201cTorneio de Programa\u00e7\u00e3o para Alunos do Secund\u00e1rio\u201d &#8211; ToPAS Lx &#8211; da regi\u00e3o de Lisboa e Vale do Tejo, no Departamento de Inform\u00e1tica da Faculdade de Ci\u00eancias e Tecnologia da Universidade Nova de Lisboa.<\/p>\n<p>Os alunos David Baptista, Ivo Silva e R\u00faben Saramago, do 11\u00ba ano, ficaram em primeiro lugar, programando em Java os problemas propostos.<\/p>\n<p><a href=\"http:\/\/esjoseafonso.com\/wp\/wp-content\/uploads\/2011\/05\/premio.jpg\"><img loading=\"lazy\" class=\"wp-image-4386 size-thumbnail aligncenter\" src=\"http:\/\/esjoseafonso.com\/wp\/wp-content\/uploads\/2011\/05\/premio-150x150.jpg\" alt=\"\" width=\"150\" height=\"150\"><\/a><\/p>\n<\/div>\n<hr>\n<p style=\"text-align: center;\"><strong>Atividade na sala de aula &#8211; Hardware\/Software<\/strong><\/p>\n<p style=\"text-align: center;\"><a href=\"http:\/\/esjoseafonso.com\/wp\/wp-content\/uploads\/2011\/05\/Imagem4.jpg\"><img loading=\"lazy\" class=\"alignleft wp-image-4370 size-thumbnail\" src=\"http:\/\/esjoseafonso.com\/wp\/wp-content\/uploads\/2011\/05\/Imagem4-150x150.jpg\" alt=\"\" width=\"150\" height=\"150\"><\/a> <a href=\"http:\/\/esjoseafonso.com\/wp\/wp-content\/uploads\/2011\/05\/Imagem3.jpg\"><img loading=\"lazy\" class=\"alignleft wp-image-4369 size-thumbnail\" src=\"http:\/\/esjoseafonso.com\/wp\/wp-content\/uploads\/2011\/05\/Imagem3-150x150.jpg\" alt=\"\" width=\"150\" height=\"150\"><\/a> <a href=\"http:\/\/esjoseafonso.com\/wp\/wp-content\/uploads\/2011\/05\/Imagem2.jpg\"><img loading=\"lazy\" class=\"alignleft wp-image-4368 size-thumbnail\" src=\"http:\/\/esjoseafonso.com\/wp\/wp-content\/uploads\/2011\/05\/Imagem2-150x150.jpg\" alt=\"\" width=\"150\" height=\"150\"><\/a> <a href=\"http:\/\/esjoseafonso.com\/wp\/wp-content\/uploads\/2011\/05\/Imagem1.jpg\"><img loading=\"lazy\" class=\"alignleft wp-image-4367 size-thumbnail\" src=\"http:\/\/esjoseafonso.com\/wp\/wp-content\/uploads\/2011\/05\/Imagem1-150x150.jpg\" alt=\"\" width=\"150\" height=\"150\"><\/a> <a href=\"http:\/\/esjoseafonso.com\/wp\/wp-content\/uploads\/2011\/05\/100_1021.jpg\"><img loading=\"lazy\" class=\"alignleft wp-image-4364 size-thumbnail\" src=\"http:\/\/esjoseafonso.com\/wp\/wp-content\/uploads\/2011\/05\/100_1021-150x150.jpg\" alt=\"\" width=\"150\" height=\"150\"><\/a> <a href=\"http:\/\/esjoseafonso.com\/wp\/wp-content\/uploads\/2011\/05\/100_1013.jpg\"><img loading=\"lazy\" class=\"alignleft wp-image-4363 size-thumbnail\" src=\"http:\/\/esjoseafonso.com\/wp\/wp-content\/uploads\/2011\/05\/100_1013-150x150.jpg\" alt=\"\" width=\"150\" height=\"150\"><\/a><\/p>\n<div>&nbsp;<\/div>\n<p><strong>&nbsp;<\/strong><\/p>\n<div>&nbsp;<\/div>\n<div>&nbsp;<\/div>\n<div>&nbsp;<\/div>\n<div>&nbsp;<\/div>\n<div>&nbsp;<\/div>\n<div>&nbsp;<\/div>\n<div>&nbsp;<\/div>\n<div>&nbsp;<\/div>\n<div>&nbsp;<\/div>\n<div>&nbsp;<\/div>\n<div>\n<div>&nbsp;<\/div>\n<hr>\n<p style=\"text-align: center;\"><strong>Atividade na sala de aula &#8211; Programa\u00e7\u00e3o<\/strong><\/p>\n<p style=\"text-align: center;\"><a href=\"http:\/\/esjoseafonso.com\/wp\/wp-content\/uploads\/2011\/05\/mat1.jpg\"><img loading=\"lazy\" class=\"alignleft wp-image-4382 size-thumbnail\" src=\"http:\/\/esjoseafonso.com\/wp\/wp-content\/uploads\/2011\/05\/mat1-150x150.jpg\" alt=\"\" width=\"150\" height=\"150\"><\/a> <a href=\"http:\/\/esjoseafonso.com\/wp\/wp-content\/uploads\/2011\/05\/mat.jpg\"><img loading=\"lazy\" class=\"alignleft wp-image-4381 size-thumbnail\" src=\"http:\/\/esjoseafonso.com\/wp\/wp-content\/uploads\/2011\/05\/mat-150x150.jpg\" alt=\"\" width=\"150\" height=\"150\"><\/a> <a href=\"http:\/\/esjoseafonso.com\/wp\/wp-content\/uploads\/2011\/05\/inf-9.jpg\"><img loading=\"lazy\" class=\"alignleft wp-image-4378 size-thumbnail\" src=\"http:\/\/esjoseafonso.com\/wp\/wp-content\/uploads\/2011\/05\/inf-9-150x150.jpg\" alt=\"\" width=\"150\" height=\"150\"><\/a><\/p>\n<h4 style=\"text-align: center;\" align=\"center\">&nbsp;<\/h4>\n<h4 style=\"text-align: center;\" align=\"center\">&nbsp;<\/h4>\n<h4 align=\"center\">&nbsp;<\/h4>\n<h4 style=\"text-align: center;\" align=\"center\">&nbsp;<\/h4>\n<p>&nbsp;<\/p>\n<\/div>\n<hr>\n<p style=\"text-align: center;\"><strong>Atividade &#8220;Dia da Inform\u00e1tica&#8221;<\/strong><\/p>\n<p style=\"text-align: center;\"><a href=\"http:\/\/esjoseafonso.com\/wp\/wp-content\/uploads\/2011\/05\/dia-inf-2.jpg\"><img loading=\"lazy\" class=\"alignleft wp-image-4365 size-thumbnail\" src=\"http:\/\/esjoseafonso.com\/wp\/wp-content\/uploads\/2011\/05\/dia-inf-2-150x150.jpg\" alt=\"\" width=\"150\" height=\"150\"><\/a> <a href=\"http:\/\/esjoseafonso.com\/wp\/wp-content\/uploads\/2011\/05\/dia-informatica.jpg\"><img loading=\"lazy\" class=\"alignleft wp-image-4366 size-thumbnail\" src=\"http:\/\/esjoseafonso.com\/wp\/wp-content\/uploads\/2011\/05\/dia-informatica-150x150.jpg\" alt=\"\" width=\"150\" height=\"150\"><\/a> <a href=\"http:\/\/esjoseafonso.com\/wp\/wp-content\/uploads\/2011\/05\/inf-2.jpg\"><img loading=\"lazy\" class=\"alignleft wp-image-4374 size-thumbnail\" src=\"http:\/\/esjoseafonso.com\/wp\/wp-content\/uploads\/2011\/05\/inf-2-150x150.jpg\" alt=\"\" width=\"150\" height=\"150\"><\/a> <a href=\"http:\/\/esjoseafonso.com\/wp\/wp-content\/uploads\/2011\/05\/inf3.jpg\"><img loading=\"lazy\" class=\"alignleft wp-image-4376 size-thumbnail\" src=\"http:\/\/esjoseafonso.com\/wp\/wp-content\/uploads\/2011\/05\/inf3-150x150.jpg\" alt=\"\" width=\"150\" height=\"150\"><\/a> <a href=\"http:\/\/esjoseafonso.com\/wp\/wp-content\/uploads\/2011\/05\/inf8.jpg\"><img loading=\"lazy\" class=\"alignleft wp-image-4377 size-thumbnail\" src=\"http:\/\/esjoseafonso.com\/wp\/wp-content\/uploads\/2011\/05\/inf8-150x150.jpg\" alt=\"\" width=\"150\" height=\"150\"><\/a> <a href=\"http:\/\/esjoseafonso.com\/wp\/wp-content\/uploads\/2011\/05\/inf-9.jpg\"><img loading=\"lazy\" class=\"alignleft wp-image-4378 size-thumbnail\" src=\"http:\/\/esjoseafonso.com\/wp\/wp-content\/uploads\/2011\/05\/inf-9-150x150.jpg\" alt=\"\" width=\"150\" height=\"150\"><\/a><\/p>\n<div>&nbsp;<\/div>\n<p style=\"text-align: center;\"><strong>&nbsp;<\/strong><\/p>\n<p>&nbsp;<\/p>\n<p>&nbsp;<\/p>\n<p>&nbsp;<\/p>\n<p>&nbsp;<\/p>\n<p>&nbsp;<\/p>\n<p>&nbsp;<\/p>\n<p>&nbsp;<\/p>\n<p>&nbsp;<\/p>\n<p>&nbsp;<\/p>\n<p>&nbsp;<\/p>\n<hr>\n<h4 style=\"text-align: center;\" align=\"center\"><span style=\"color: #808000;\"><b><span style=\"font-family: Franklin Gothic Book;\">Pr\u00e9-Inscri\u00e7\u00e3o<\/span><\/b><\/span><\/h4>\n<p style=\"text-align: center;\">&#8211; <strong><a href=\"https:\/\/forms.office.com\/e\/UiCQvVn08k\" target=\"_blank\" rel=\"noopener\">P\u00e1gina Web da escola<\/a><\/strong>&nbsp;&nbsp;&nbsp;&nbsp;&nbsp;&nbsp;&nbsp;&nbsp;&nbsp;&nbsp; &#8211; Servi\u00e7os Administrativos<\/p>\n<div class=\"al2fb_like_button\"><script src=\"http:\/\/connect.facebook.net\/pt_PT\/all.js#xfbml=1\"><\/script><fb:like href=\"https:\/\/www.esjoseafonso.com\/wp\/?page_id=1516\" layout=\"standard\" show_faces=\"true\" width=\"450\" action=\"like\" font=\"arial\" colorscheme=\"light\" ref=\"AL2FB\"><\/fb:like><\/div>","protected":false},"excerpt":{"rendered":"<p>Pr\u00e9-Inscri\u00e7\u00e3o &#8211; P\u00e1gina Web da escola&nbsp;&nbsp;&nbsp;&nbsp;&nbsp;&nbsp;&nbsp;&nbsp;&nbsp;&nbsp; &#8211; Servi\u00e7os Administrativos &nbsp; T\u00e9cnico de Gest\u00e3o e Programa\u00e7\u00e3o de Sistemas Inform\u00e1ticos Realizar atividades de conce\u00e7\u00e3o, especifica\u00e7\u00e3o, projeto, implementa\u00e7\u00e3o, avalia\u00e7\u00e3o, suporte e manuten\u00e7\u00e3o de sistemas inform\u00e1ticos e de tecnologias de processamento e transmiss\u00e3o de dados e informa\u00e7\u00f5es. Efetuar a instala\u00e7\u00e3o, configura\u00e7\u00e3o e manuten\u00e7\u00e3o de computadores, perif\u00e9ricos, redes locais e [&hellip;]<\/p>\n","protected":false},"author":1,"featured_media":0,"parent":1507,"menu_order":1,"comment_status":"closed","ping_status":"closed","template":"","meta":{"ngg_post_thumbnail":0,"_links_to":"","_links_to_target":""},"_links":{"self":[{"href":"https:\/\/www.esjoseafonso.com\/wp\/index.php?rest_route=\/wp\/v2\/pages\/1516"}],"collection":[{"href":"https:\/\/www.esjoseafonso.com\/wp\/index.php?rest_route=\/wp\/v2\/pages"}],"about":[{"href":"https:\/\/www.esjoseafonso.com\/wp\/index.php?rest_route=\/wp\/v2\/types\/page"}],"author":[{"embeddable":true,"href":"https:\/\/www.esjoseafonso.com\/wp\/index.php?rest_route=\/wp\/v2\/users\/1"}],"replies":[{"embeddable":true,"href":"https:\/\/www.esjoseafonso.com\/wp\/index.php?rest_route=%2Fwp%2Fv2%2Fcomments&post=1516"}],"version-history":[{"count":64,"href":"https:\/\/www.esjoseafonso.com\/wp\/index.php?rest_route=\/wp\/v2\/pages\/1516\/revisions"}],"predecessor-version":[{"id":7356,"href":"https:\/\/www.esjoseafonso.com\/wp\/index.php?rest_route=\/wp\/v2\/pages\/1516\/revisions\/7356"}],"up":[{"embeddable":true,"href":"https:\/\/www.esjoseafonso.com\/wp\/index.php?rest_route=\/wp\/v2\/pages\/1507"}],"wp:attachment":[{"href":"https:\/\/www.esjoseafonso.com\/wp\/index.php?rest_route=%2Fwp%2Fv2%2Fmedia&parent=1516"}],"curies":[{"name":"wp","href":"https:\/\/api.w.org\/{rel}","templated":true}]}}